{"id":3148,"date":"2025-09-17T07:50:25","date_gmt":"2025-09-17T07:50:25","guid":{"rendered":"http:\/\/shdbf.fr\/?page_id=3148"},"modified":"2025-09-17T07:50:25","modified_gmt":"2025-09-17T07:50:25","slug":"les-publications","status":"publish","type":"page","link":"https:\/\/www.shdbf.fr\/index.php\/les-publications\/","title":{"rendered":"Les publications"},"content":{"rendered":"\n<p class=\"has-medium-font-size\">Les Bulletins<\/p>\n\n\n\n<p>Depuis sa cr\u00e9ation, la Soci\u00e9t\u00e9 d\u2019Histoire et de Documentation Baptiste de France publie r\u00e9guli\u00e8rement un\u00a0<strong>Bulletin<\/strong>\u00a0qui met en lumi\u00e8re diff\u00e9rents aspects de la vie et de l\u2019histoire baptistes. Chaque num\u00e9ro explore un th\u00e8me sp\u00e9cifique, m\u00ealant \u00e9tudes historiques, t\u00e9moignages et documents in\u00e9dits, afin de nourrir la m\u00e9moire collective et d\u2019encourager la r\u00e9flexion sur le pr\u00e9sent et l\u2019avenir. Ces bulletins constituent une v\u00e9ritable collection retra\u00e7ant, au fil des ann\u00e9es, les visages, les engagements et l\u2019\u00e9volution du baptisme.<\/p>\n\n\n\n<p><strong>Voici la liste des Bulletins : <\/strong><\/p>\n\n\n\n<ul class=\"wp-block-list\">\n<li><em>Bulletin\u00a0<\/em>n\u00b01\u00a0:\u00a0\u00a0\u00a0\u00a02007 \u00ab\u00a0Histoires d\u2019une famille\u00a0\u00bb<\/li>\n\n\n\n<li><em>Bulletin<\/em>\u00a0n\u00b02\u00a0:\u00a0\u00a0\u00a0\u00a02014 \u00ab\u00a0Visages du baptisme\u00a0\u00bb<\/li>\n\n\n\n<li><em>Bulletin<\/em>\u00a0n\u00b03\u00a0:\u00a0\u00a0\u00a0\u00a02016 \u00ab\u00a0\u00c9glises en action\u00a0\u00bb<\/li>\n\n\n\n<li><em>Bulletin\u00a0<\/em>n\u00b04\u00a0:\u00a0\u00a0\u00a0\u00a02019 \u00ab\u00a0Les baptistes dans le monde\u00a0\u00bb<\/li>\n\n\n\n<li><em>Bulletin\u00a0<\/em>n\u00b05\u00a0:\u00a0\u00a0\u00a0\u00a02020 \u00ab\u00a0Baptisme et soci\u00e9t\u00e9\u00a0\u00bb<\/li>\n\n\n\n<li><em>Bulletin\u00a0<\/em>n\u00b06\u00a0:\u00a0\u00a0\u00a0\u00a02021 \u00ab\u00a0Baptisme et recommencements\u00a0\u00bb<\/li>\n\n\n\n<li><em>Bulletin<\/em>\u00a0n\u00b07\u00a0:\u00a0\u00a0\u00a0\u00a02022 \u00ab\u00a0Baptisme et mission\u00a0\u00bb<\/li>\n\n\n\n<li><em>Bulletin<\/em>\u00a0n\u00b08\u00a0:\u00a0\u00a0\u00a0\u00a02023 \u00ab\u00a0Baptisme et droits humains\u00a0\u00bb<\/li>\n\n\n\n<li><em>Bulletin\u00a0<\/em>n\u00b09\u00a0:\u00a0\u00a0\u00a0\u00a02024 \u00ab\u00a0Baptisme et arts\u00a0\u00bb<\/li>\n\n\n\n<li><em>Bulletin<\/em>\u00a0n\u00b010\u00a0:\u00a0\u00a02025 \u00ab\u00a0Baptisme et h\u00e9ritages\u00a0\u00bb<\/li>\n<\/ul>\n\n\n\n<p><\/p>\n\n\n\n<p class=\"has-medium-font-size\">Table des mati\u00e8res des\u00a0<em>Bulletins<\/em><\/p>\n\n\n\n<p><strong>A. \u00c9glises baptistes<\/strong><\/p>\n\n\n\n<ul class=\"wp-block-list\">\n<li>Baptistes, par G. Margery (1)<\/li>\n\n\n\n<li>Baptistes et les Lumi\u00e8res, par D. Bebbington (5)<\/li>\n\n\n\n<li>\u00c9glises baptistes de France au XX<sup>\u00e8me<\/sup>\u00a0si\u00e8cle, par S. Fath (1)<\/li>\n\n\n\n<li>Gen\u00e8se du mouvement baptiste en France, par M. Thobois (5)<\/li>\n\n\n\n<li>Histoire des baptistes de France jusqu\u2019en 1918, par M. Thobois (10)<\/li>\n\n\n\n<li>R\u00e9veil gallois-fran\u00e7ais, par A. Hatton (6)<\/li>\n\n\n\n<li>Union des femmes baptistes, par L. Turquais (10)<\/li>\n\n\n\n<li>Vingt ans de la SHDBF, par F. Thobois (5)<\/li>\n<\/ul>\n\n\n\n<p>AEEBLF<\/p>\n\n\n\n<ul class=\"wp-block-list\">\n<li>Son histoire par G. Margery (1)<\/li>\n\n\n\n<li>Confession de foi et principes eccl\u00e9siastiques de l\u2019AEEBLF (4)<\/li>\n\n\n\n<li>Le premier demi-si\u00e8cle de l\u2019AEEBLF, par M. Sch\u00f6ni (7)<\/li>\n\n\n\n<li>Rapprochement entre l\u2019AEEBLF et l\u2019Alliance baptiste de Paris Est et Nord, par A. Debret (4)<\/li>\n<\/ul>\n\n\n\n<p>FEEBF<\/p>\n\n\n\n<ul class=\"wp-block-list\">\n<li>Pr\u00e9sentation historique, par F. Thobois (1)<\/li>\n\n\n\n<li>Constitution de la F\u00e9d\u00e9ration baptiste, par F. Thobois (6)<\/li>\n\n\n\n<li>La FEEBF de sa constitution \u00e0 la fin du XX<sup>e<\/sup>\u00a0si\u00e8cle, par F. Thobois (8)<\/li>\n\n\n\n<li>Le souci de l\u2019histoire dans la FEEBF durant le vingti\u00e8me si\u00e8cle, par F. Thobois (10)<\/li>\n<\/ul>\n\n\n\n<p>Le Tabernacle<\/p>\n\n\n\n<ul class=\"wp-block-list\">\n<li>Son histoire, par J-E. Blocher (1)<\/li>\n<\/ul>\n\n\n\n<p>Les \u00c9glises<\/p>\n\n\n\n<ul class=\"wp-block-list\">\n<li>\u00c9glises baptistes en Poitou, Charente-Maritime et Vend\u00e9e, par L. Clerc (1)<\/li>\n\n\n\n<li>\u0152uvre baptiste \u00e0 Lens, par J-M. Vincent (2)<\/li>\n\n\n\n<li>Premi\u00e8re \u00c9glise baptiste de Niort, par M. Thobois (3)<\/li>\n\n\n\n<li>\u00c9glise baptiste de Grenoble, par Raimond Collet (3)<\/li>\n\n\n\n<li>Baptisme dans le Jura suisse et \u00e0 Gen\u00e8ve, par M. Sch\u00f6ni (4)<\/li>\n\n\n\n<li>\u00c9glise de Paimpol, par M. McGowan (7)<\/li>\n\n\n\n<li>\u00c9glise baptiste de Plougrescant, par D. Boydell (4)<\/li>\n\n\n\n<li>\u00c9glises baptistes francophones \u00e0 Guernesey, par D. Boydell (6)<\/li>\n\n\n\n<li>150 ans du temple de la rue de Lille \u00e0 Paris, par A. et W. Hatton (8)<\/li>\n\n\n\n<li>D\u00e9buts de l\u2019\u00c9glise \u00e9vang\u00e9lique baptiste de Tours, par S. Guillet, (8)<\/li>\n<\/ul>\n\n\n\n<p><\/p>\n\n\n\n<p><strong>B. Personnalit\u00e9s baptistes<\/strong><\/p>\n\n\n\n<ul class=\"wp-block-list\">\n<li>App\u00e9r\u00e9 (Guy), par C. App\u00e9r\u00e9 (9)<\/li>\n\n\n\n<li>Beaucamps-Cr\u00e9tin (Catherine), par J-\u00c9. Blocher (3)<\/li>\n\n\n\n<li>Blocher (Jacques \u00c9.), par A. Ruolt (10)<\/li>\n\n\n\n<li>Bunyan (John), par A. et W. Hatton (5)<\/li>\n\n\n\n<li>Cadot (Aim\u00e9), par J. Loncke (2)<\/li>\n\n\n\n<li>Caradec (Louis), par J. Loncke (3)<\/li>\n\n\n\n<li>Carey (William) par D. Boydell (2); par J. Blandenier (4)<\/li>\n\n\n\n<li>Carpentier (Esther), par J. Loncke (5)<\/li>\n\n\n\n<li>Carter (Jimmy), par J. Loncke (5)<\/li>\n\n\n\n<li>Clifford (John), par A. Hatton (6)<\/li>\n\n\n\n<li>Collobert (Jules), par J. Loncke (3)<\/li>\n\n\n\n<li>Cook (Thomas) par D. Boydell (2)<\/li>\n\n\n\n<li>Cr\u00e9tin (Jean-Baptiste), par J-\u00c9.\u00a0Blocher (3)<\/li>\n\n\n\n<li>Crosby (Fanny), par D. Boydell (9)<\/li>\n\n\n\n<li>De Jong (Marie-Christine), interview par F. Pillon (9)<\/li>\n\n\n\n<li>Dubarry (Robert), par A. Lov\u00e9rini (1)<\/li>\n\n\n\n<li>Dunand (Bernard), par C. App\u00e9r\u00e9 (9)<\/li>\n\n\n\n<li>Evrard (Pierre), par J-M. Vincent (7)<\/li>\n\n\n\n<li>Farelly (Maurice), par J-M. Vincent (7)<\/li>\n\n\n\n<li>Farelly (Robert), par J. Vincent (4)<\/li>\n\n\n\n<li>Foulon-Ropars (Louise), par F. Keller (7)<\/li>\n\n\n\n<li>Frey (William-Henri), par M. Sch\u00f6ni (4)<\/li>\n\n\n\n<li>Graham (Billy), par H. Lindell (4)<\/li>\n\n\n\n<li>Grenfell (George), par D. Boydell (7)<\/li>\n\n\n\n<li>Grisham (John), par J. Loncke (9)<\/li>\n\n\n\n<li>Guyot (Georges), par P. Bourdois (6)<\/li>\n\n\n\n<li>Haldane (Robert), par D. Boydell (2)<\/li>\n\n\n\n<li>Hansen (William, par M. Huet (10)<\/li>\n\n\n\n<li>Helwys (Thomas), par D. Boydell (2)<\/li>\n\n\n\n<li>Howard (John), par J. Loncke (8)<\/li>\n\n\n\n<li>Jenkins (Alfred Llewelyn), par J. Loncke (3)<\/li>\n\n\n\n<li>Jenkins (John), par J. Loncke (3)<\/li>\n\n\n\n<li>Joseph (Andr\u00e9e), par J-M.\u00a0Vincent (7)<\/li>\n\n\n\n<li>King (Martin Luther), par A. Nisus (2)<\/li>\n\n\n\n<li>Knibb (William), par D. Boydell (2)<\/li>\n\n\n\n<li>Le Coat (Guillaume), par J. Loncke (3)<\/li>\n\n\n\n<li>Lemaire (Fran\u00e7ois), par L. Clerc (2)<\/li>\n\n\n\n<li>Le Qu\u00e9r\u00e9 (Guillaume et Marie-Yvonne), par D. Boydell (4)<\/li>\n\n\n\n<li>Ma\u00eetre (Charles), par J.-M. Vincent (7)<\/li>\n\n\n\n<li>Merlin (Salomon), par A. Thobois<\/li>\n\n\n\n<li>Monod (William), par J. Loncke (3)<\/li>\n\n\n\n<li>Nicolle (Pierre), par L. Clerc (2)<\/li>\n\n\n\n<li>Norman (Jessy), par A. Hatton (9)<\/li>\n\n\n\n<li>Oncken (Johann Gerhard), par D. Boydell (2)<\/li>\n\n\n\n<li>Pyt (Henri), par J. Carlier (8)<\/li>\n\n\n\n<li>Ricou (Guillaume), par J. Loncke (3)<\/li>\n\n\n\n<li>Robert (L\u00e9opold-Aur\u00e8le) par M. Sch\u00f6ni (4)<\/li>\n\n\n\n<li>Robertson (Archibald Thomas), par D. Boydell (10)<\/li>\n\n\n\n<li>Rostan (Jean-Casimir), par S. Fath (2)<\/li>\n\n\n\n<li>Rousseau (Georges), par F. Thobois (2)<\/li>\n\n\n\n<li>Saillens (Louise), par A. Ruolt (6)<\/li>\n\n\n\n<li>Saucy (Charles), par M. Sch\u00f6ni (4)<\/li>\n\n\n\n<li>Sheraton (Thomas), par D. Boydell (2 et 9)<\/li>\n\n\n\n<li>Smyth (John), par J. Stauffacher (1); par D. Boydell (2)<\/li>\n\n\n\n<li>Spurgeon (Charles Haddon), par Ian M. Randall (3)<\/li>\n\n\n\n<li>Taylor (Dan), par D. Boydell (2)<\/li>\n\n\n\n<li>Thobois (Jules) \u2013 interview (3)<\/li>\n\n\n\n<li>Tilly-Cadot (Harriette), par A. Hatton (6)Williams (Roger), par D. Boydell (2); par J. Buchhold (6)<\/li>\n<\/ul>\n\n\n\n<p><\/p>\n\n\n\n<p><strong>C. \u0152uvres \u00e9ducatives et sociales baptistes<\/strong><\/p>\n\n\n\n<ul class=\"wp-block-list\">\n<li>ABEJ, par Alain et Roger Brabant (3)<\/li>\n\n\n\n<li>Action sociale de la FEEB, par F. Thobois (1)<\/li>\n\n\n\n<li>Baptistes et abolitions de l\u2019esclavage, par E. Nisus (8)<\/li>\n\n\n\n<li>Centre \u00e9vang\u00e9lique des C\u00e8dres \u00e0 Massy, par D. Boydell (3)<\/li>\n\n\n\n<li>\u00c9cole \u00e9vang\u00e9lique baptiste du Guilly, par J. Loncke (3)<\/li>\n\n\n\n<li>\u00c9coles du dimanche en France, par Anne Ruolt (3)<\/li>\n\n\n\n<li>LI\u00c9FRA, par A. Thobois (3)<\/li>\n\n\n\n<li>\u0152uvre des Foyers, par F. Thobois (3)<\/li>\n\n\n\n<li>Orphelinats &#8211; Dr Thomas Barnardo et les \u00ab\u00a0Nobody\u2019s Children\u00a0\u00bb, par Anne Ruolt (5)<\/li>\n\n\n\n<li>Orphelins \u00e0 la rencontre du baptisme, par \u00c9. Pelc\u00e9 (8)<\/li>\n\n\n\n<li><em>Solidarit\u00e9 sociale\u00a0<\/em>et ABEJ, par M. Thobois (6)<\/li>\n<\/ul>\n\n\n\n<p><\/p>\n\n\n\n<p><strong>D. Th\u00e9ologie et \u00c9coles de th\u00e9ologie<\/strong><\/p>\n\n\n\n<ul class=\"wp-block-list\">\n<li>\u00c9coles de th\u00e9ologie baptistes, par A. et W. Hatton (6)<\/li>\n\n\n\n<li>Institut biblique de Nogent (et Louise Saillens), par A. Ruolt (6)<\/li>\n\n\n\n<li>Th\u00e9ologie baptiste\u00a0: un aper\u00e7u, par H. Blocher (2)<\/li>\n<\/ul>\n\n\n\n<p><\/p>\n\n\n\n<p><strong>E. \u00c9vang\u00e9lisation et Missions<\/strong><\/p>\n\n\n\n<ul class=\"wp-block-list\">\n<li>La FEEB et l\u2019\u00e9vang\u00e9lisation par F. Thobois (1)<\/li>\n\n\n\n<li>La mission \u00e9vang\u00e9lique baptiste de Paris, par F. Thobois (3)<\/li>\n\n\n\n<li>La mission \u00e9vang\u00e9lique bretonne et son \u0153uvre \u00e0 Tr\u00e9mel (1885-1974), par A. Ruolt (10)<\/li>\n\n\n\n<li>La Mission int\u00e9rieure baptiste, par F. Thobois (3)<\/li>\n\n\n\n<li>La Mission \u00ab\u00a0Salut et gu\u00e9rison\u00a0\u00bb, par L. Clerc (3)<\/li>\n\n\n\n<li>Premiers missionnaires de la FEEBF au Cameroun, par J-M. Vincent (7)<\/li>\n<\/ul>\n\n\n\n<p><\/p>\n\n\n\n<p><strong>F. Hymnologie<\/strong><\/p>\n\n\n\n<ul class=\"wp-block-list\">\n<li>La croix de J\u00e9sus-Christ dans les cantiques de Ruben Saillens, par S. Ludbrook (2)<\/li>\n\n\n\n<li>Les cantiques du pasteur baptiste Ruben Saillens (1855-1942), par S. Ludbrook (2)<\/li>\n\n\n\n<li>Les mutations de l\u2019hymnologie baptiste, par S. Ludbrook (9)<\/li>\n<\/ul>\n\n\n\n<p><\/p>\n\n\n\n<p><strong>G. Recensions<\/strong><\/p>\n\n\n\n<ul class=\"wp-block-list\">\n<li>B\u00e9atrix de l\u2019Aulnoit et Philippe Alexandre,\u00a0<em>Thomas Cook 1808-1892. L\u2019inventeur des voyages,<\/em>\u00a0Paris, Robert Laffont, 2018, par F. Pillon (5)<\/li>\n\n\n\n<li>S. Fath,\u00a0<em>Une autre mani\u00e8re d\u2019\u00eatre chr\u00e9tien en France. Socio-histoire de l\u2019implantation baptiste (1810-1950),\u00a0<\/em>Gen\u00e8ve, Labor et Fides, 2001, par I. Olekhnovitch (1)<\/li>\n\n\n\n<li>S. Fath,\u00a0<em>Militants de la Bible aux \u00c9tats-Unis, \u00c9vang\u00e9liques et fondamentalistes du Sud,\u00a0<\/em>Paris, Autrement, 2004 et S. Fath,\u00a0<em>Dieu b\u00e9nisse l\u2019Am\u00e9rique, la religion de la Maison-Blanche,\u00a0<\/em>Paris, Seuil, 2004, par L. Schweitzer (1)<\/li>\n\n\n\n<li>Anne Ruolt,\u00a0<em>\u00c0 l\u2019ombre du grand c\u00e8dre, Histoire de l\u2019Institut Biblique de Nogent sur Marne,\u00a0lieu\/\u00e9diteur\/date,\u00a0<\/em>par F. Pillon (7)<\/li>\n\n\n\n<li>James McCearney,\u00a0<em>David Lloyd George, biographie<\/em>, Pierre-Guillaume de Roux, 2019, par P. Bourdois<\/li>\n\n\n\n<li>Lee B. Spitzer,\u00a0<em>Sympathy, Solidarity, Silence \u2013 Three European Baptist Responses to the Holocaust<\/em>, Valley Forge, Judson Press, 2022, par J-\u00c9.\u00a0Blocher (8)<\/li>\n\n\n\n<li>Lionel Minard,\u00a0<em>La pens\u00e9e de Robert Farelly \u00e0 travers ses romans et ses nouvelles<\/em>, m\u00e9moire pr\u00e9sent\u00e9 \u00e0 la FLTE, novembre 1989, par C. App\u00e9r\u00e9 (9)<\/li>\n\n\n\n<li>Paul Sanders,\u00a0<em>Zwingli et Bullinger.\u00a0<\/em><em>Quand la R\u00e9forme entre en C\u00e8ne,<\/em>\u00a0Carri\u00e8res-sous-Poissy, \u00c9ditions La cause, 2023, par F. Pillon (9)<\/li>\n\n\n\n<li>Daniel Reivax,\u00a0<em>Raoul Allier (1862-1939), une voix du protestantisme au d\u00e9but du XX<sup>e<\/sup>\u00a0si\u00e8cle<\/em>, Paris, L\u2019Harmattan, 2023, par A. Hatton (9)<\/li>\n\n\n\n<li>Eddy Nisus,\u00a0<em>Raconte-moi l\u2019\u00c9glise, les grandes \u00e9tapes du christianisme,<\/em>\u00a0Romanel-sur-Lausanne, Croire et lire, 2022, par F. Pillon (9)<\/li>\n\n\n\n<li>Jacques Richard Sassandra, Claude-Bernard Costecalde,\u00a0<em>L\u2019offrande Sassandra<\/em>, Port-J\u00e9r\u00f4me-sur-Seine, Foi et Victoire, 2024, par A. Debret (10)<\/li>\n\n\n\n<li>Alain Nisus, Jos\u00e9 Loncke, Erwan Cloarec,\u00a0<em>Autour du Credo, Ce que les chr\u00e9tiens croient depuis les origines<\/em>, Paris, Croire Publications, \u00ab\u00a0Croire et Lire\u00a0\u00bb<em>,<\/em>3<sup>e\u00a0<\/sup>\u00e9dition, 2024, par F. Pillon (10)-Jason Lansel, Sankha Banerjee, Richard Mommsen,\u00a0<em>Par l\u2019eau, l\u2019histoire de F\u00e9lix Mantz,\u00a0<\/em>Montb\u00e9liard, \u00c9ditions Mennonites, 2025, par C. App\u00e9r\u00e9 (10)<\/li>\n<\/ul>\n\n\n\n<p><\/p>\n\n\n\n<p><strong>H. Glanures, notes de lectures et objets baptistes<\/strong><\/p>\n\n\n\n<ul class=\"wp-block-list\">\n<li>Anecdotes de McBeth, par A. Hatton (5)<\/li>\n\n\n\n<li>A.Soljenitsyne,\u00a0<em>Une journ\u00e9e d\u2019Ivan Denissovitch<\/em>, Paris, Julliard, Collection Pocket, 1975, par J. Loncke (6)<\/li>\n\n\n\n<li>Timbre su\u00e9dois repr\u00e9sentant un bapt\u00eame par immersion, par J. Loncke (8)<\/li>\n\n\n\n<li>Mini-Bible en bois, par J. Loncke (8)<\/li>\n\n\n\n<li>La lune et la Bible, par J. Loncke (10)<\/li>\n<\/ul>\n\n\n\n<p><\/p>\n\n\n\n<p><strong>I. Divers<\/strong><\/p>\n\n\n\n<ul class=\"wp-block-list\">\n<li>Invisibles et pourtant essentielles, les femmes derii\u00e8re l\u2019\u0153uvre de Martin Luther King, par A. et W. Hatton (10)<\/li>\n\n\n\n<li>Premiers enseignements d\u2019un questionnaire sur les formes du culte baptiste en France, par S. Fath (1)<\/li>\n\n\n\n<li>La presse baptiste fran\u00e7aise \u00e0 travers l\u2019Histoire, par M. Thobois (3)<\/li>\n\n\n\n<li>La R\u00e9forme radicale, par P. App\u00e9r\u00e9 (7)<\/li>\n\n\n\n<li>Le naufrage de l\u2019Aboukir Bay, par J. Loncke (7)<\/li>\n\n\n\n<li>Les fruits de l\u2019esclavage, par \u00c9. Choisy (7)<\/li>\n\n\n\n<li>Michel Edmond Mast et la premi\u00e8re mission pentec\u00f4tiste en France, par A. Antoine (9)<\/li>\n<\/ul>\n","protected":false},"excerpt":{"rendered":"<p>Les Bulletins Depuis sa cr\u00e9ation, la Soci\u00e9t\u00e9 d\u2019Histoire et de Documentation Baptiste de France publie r\u00e9guli\u00e8rement un\u00a0Bulletin\u00a0qui met en lumi\u00e8re diff\u00e9rents aspects de la vie et de l\u2019histoire baptistes. Chaque num\u00e9ro explore un th\u00e8me sp\u00e9cifique, m\u00ealant \u00e9tudes historiques, t\u00e9moignages et documents in\u00e9dits, afin de nourrir la m\u00e9moire collective et d\u2019encourager la r\u00e9flexion sur le pr\u00e9sent [&hellip;]<\/p>\n","protected":false},"author":1,"featured_media":0,"parent":0,"menu_order":0,"comment_status":"closed","ping_status":"closed","template":"","meta":{"footnotes":""},"class_list":["post-3148","page","type-page","status-publish","hentry"],"_links":{"self":[{"href":"https:\/\/www.shdbf.fr\/index.php\/wp-json\/wp\/v2\/pages\/3148","targetHints":{"allow":["GET"]}}],"collection":[{"href":"https:\/\/www.shdbf.fr\/index.php\/wp-json\/wp\/v2\/pages"}],"about":[{"href":"https:\/\/www.shdbf.fr\/index.php\/wp-json\/wp\/v2\/types\/page"}],"author":[{"embeddable":true,"href":"https:\/\/www.shdbf.fr\/index.php\/wp-json\/wp\/v2\/users\/1"}],"replies":[{"embeddable":true,"href":"https:\/\/www.shdbf.fr\/index.php\/wp-json\/wp\/v2\/comments?post=3148"}],"version-history":[{"count":5,"href":"https:\/\/www.shdbf.fr\/index.php\/wp-json\/wp\/v2\/pages\/3148\/revisions"}],"predecessor-version":[{"id":3153,"href":"https:\/\/www.shdbf.fr\/index.php\/wp-json\/wp\/v2\/pages\/3148\/revisions\/3153"}],"wp:attachment":[{"href":"https:\/\/www.shdbf.fr\/index.php\/wp-json\/wp\/v2\/media?parent=3148"}],"curies":[{"name":"wp","href":"https:\/\/api.w.org\/{rel}","templated":true}]}}